{"id":11448,"date":"2020-10-21T09:44:22","date_gmt":"2020-10-21T07:44:22","guid":{"rendered":"https:\/\/www.pddm.org\/anno-biblico-fp-2020-2021\/"},"modified":"2020-12-01T09:18:08","modified_gmt":"2020-12-01T08:18:08","slug":"anno-biblico-fp-2020-2021","status":"publish","type":"page","link":"https:\/\/www.pddm.org\/fr\/anno-biblico-fp-2020-2021\/","title":{"rendered":"Ann\u00e9e Biblique de Famille Paulinienne"},"content":{"rendered":"<div class=\"wpb-content-wrapper\"><p>[vc_row full_width=&#8221;stretch_row&#8221; bg_type=&#8221;grad&#8221; bg_grad=&#8221;background: -webkit-gradient(linear, left top, left bottom, color-stop(0%, #FFDBDB), color-stop(38%, #FFFFFF), color-stop(80%, #FFFFFF), color-stop(100%, #F70000));background: -moz-linear-gradient(left,#FFDBDB 0%,#FFFFFF 38%,#FFFFFF 80%,#F70000 100%);background: -webkit-linear-gradient(left,#FFDBDB 0%,#FFFFFF 38%,#FFFFFF 80%,#F70000 100%);background: -o-linear-gradient(left,#FFDBDB 0%,#FFFFFF 38%,#FFFFFF 80%,#F70000 100%);background: -ms-linear-gradient(left,#FFDBDB 0%,#FFFFFF 38%,#FFFFFF 80%,#F70000 100%);background: linear-gradient(left,#FFDBDB 0%,#FFFFFF 38%,#FFFFFF 80%,#F70000 100%);&#8221; css=&#8221;.vc_custom_1603117901757{margin-top: 0px !important;margin-bottom: 0px !important;border-top-width: 0px !important;border-bottom-width: 0px !important;padding-top: 0px !important;padding-bottom: 0px !important;}&#8221;][vc_column][vc_single_image image=&#8221;10032&#8243; img_size=&#8221;800&#215;427&#8243; alignment=&#8221;center&#8221; css=&#8221;.vc_custom_1603268018072{margin-top: 0px !important;margin-bottom: 0px !important;}&#8221;][\/vc_column][\/vc_row][vc_row][vc_column][vc_empty_space height=&#8221;24px&#8221;][vc_column_text]<\/p>\n<h3 style=\"text-align: center;\"><strong><span style=\"color: #800000;\">\u00a0\u201cEn communion avec l\u2019\u00c9glise, nous renouveler \u00e0 travers la familiarit\u00e9, l\u2019\u00e9tude et la lecture orante des Saintes \u00c9critures, pour vivre de la Parole de sorte qu\u2019elle rejoigne tous, sp\u00e9cialement les p\u00e9riph\u00e9ries existentielles et de la pens\u00e9e.\u201d<\/span><\/strong><\/h3>\n<p>[\/vc_column_text][vc_empty_space height=&#8221;24px&#8221;][\/vc_column][\/vc_row][vc_row][vc_column width=&#8221;1\/2&#8243;][vc_btn title=&#8221;LOGO&#8221; shape=&#8221;square&#8221; size=&#8221;lg&#8221; align=&#8221;center&#8221; button_block=&#8221;true&#8221; link=&#8221;url:https%3A%2F%2Fwww.pddm.org%2Fwp-content%2Fuploads%2F2020%2F10%2FD%C3%A9scription-Logo-annexe-2_FRA.pdf||target:%20_blank|&#8221;][vc_btn title=&#8221;DOCUMENTS&#8221; shape=&#8221;square&#8221; size=&#8221;lg&#8221; align=&#8221;center&#8221; button_block=&#8221;true&#8221; link=&#8221;url:https%3A%2F%2Fwww.pddm.org%2Fanno-biblico-fp-documenti|||&#8221;][vc_empty_space height=&#8221;24px&#8221;][\/vc_column][vc_column width=&#8221;1\/2&#8243;][vc_btn title=&#8221;PRI\u00c8RE&#8221; shape=&#8221;square&#8221; size=&#8221;lg&#8221; align=&#8221;center&#8221; button_block=&#8221;true&#8221; link=&#8221;url:https%3A%2F%2Fwww.pddm.org%2Fwp-content%2Fuploads%2F2020%2F06%2FPreghiera-per-lAnno-Biblico-FRA.pdf||target:%20_blank|&#8221;][vc_btn title=&#8221;RESSOURCES&#8221; shape=&#8221;square&#8221; size=&#8221;lg&#8221; align=&#8221;center&#8221; button_block=&#8221;true&#8221; link=&#8221;url:https%3A%2F%2Fwww.pddm.org%2Fanno-biblico-fp-risorse|||&#8221;][vc_empty_space height=&#8221;24px&#8221;][\/vc_column][\/vc_row][vc_row full_width=&#8221;stretch_row&#8221; content_placement=&#8221;bottom&#8221; bg_type=&#8221;image&#8221; css=&#8221;.vc_custom_1603269571882{background-image: url(https:\/\/www.pddm.org\/wp-content\/uploads\/2020\/10\/HYMNES-AB.png?id=11460) !important;}&#8221;][vc_column width=&#8221;1\/4&#8243;][vc_empty_space height=&#8221;88px&#8221;][vc_video link=&#8221;https:\/\/www.youtube.com\/watch?v=jEUaPw0lgqo&amp;feature=emb_logo&#8221; align=&#8221;center&#8221;][vc_column_text]<\/p>\n<h5 style=\"text-align: center;\"><a href=\"#popup-69f281e57bc07\" rel=\"prettyphoto\" class=\"popup-link\"><strong>Pour que la Parole coure<\/strong> (2Th 3,1)<\/a><div id=\"popup-69f281e57bc07\" class=\"popup-content\"><div class=\"popup-inner\" ><strong>\u201cPour que la Parole coure\u201d (2Th 3,1)<br \/>\n<\/strong><\/h5>\n<p>&nbsp;<\/p>\n<p>Et la Parole se fit Chair (cf. Jn 1,14) et \u00e0 travers les si\u00e8cles elle a \u00e9t\u00e9 proclam\u00e9e, sem\u00e9e, \u00e9parse dans le monde, \u00e0 pas rapides, \u00e0 pas lents, constants, cr\u00e9atifs. Parole qui ne s\u2019est jamais fatigu\u00e9e de courir et arrivant dans notre aujourd\u2019hui elle se fait avec sr Veronica Firmino po\u00e9sie, art, musique!<\/p>\n<p>\u201cPour que la Parole coure\u201d (2Th 3,1) est le titre de son chant (avec des collaborateurs dans ses diverses versions). La ritournelle, une fois \u00e9cout\u00e9 et r\u00e9p\u00e9t\u00e9e, nous fait d\u00e9sirer de \u201ccourir\u201d, annoncer l\u2019Evangile avec le style de Paul, avec la vie, constants dans la joie et dans la douleur. Et encore les diverses exhortations pauliniennes recueillies et rev\u00eatues d\u2019un langage musical et po\u00e9tique, nous remplissent le c\u0153ur et spontan\u00e9ment nous commen\u00e7ons \u00e0 chanter : \u201cPour que la Parole coure, pour que la Parole coure\u2026\u201d, entrant ainsi dans la m\u00eame dynamique de l\u2019Ap\u00f4tre qui ailleurs nous consigne un secret \u00e0 lui: \u201c Pour moi, bien volontiers je d\u00e9penserai et me d\u00e9penserai pour vous \u201d (2Co 12,15). L\u2019Ap\u00f4tre ne se fatigue pas et ne s\u2019\u00e9pargne pas! Et nous aussi \u201ccourons\u201d avec la Parole, ayons h\u00e2te de porter \u00e0 tous le R\u00e8gne de Dieu.<\/p>\n<h6 style=\"text-align: center;\"><\/div><\/div>\n<\/h6>\n<h6 style=\"text-align: center;\"><span style=\"color: #ffffff;\">di Ver\u00f4nica Firmino, fsp<\/span><\/h6>\n<p>&nbsp;<\/p>\n<h6 style=\"text-align: center;\"><\/h6>\n<p>[\/vc_column_text][vc_btn title=&#8221;Partition&#8221; size=&#8221;xs&#8221; align=&#8221;center&#8221; link=&#8221;url:https%3A%2F%2Fdrive.google.com%2Fdrive%2Ffolders%2F1SF3CoMrgrS22C9PDtaOst66s603GOn-I|||&#8221;][\/vc_column][vc_column width=&#8221;1\/4&#8243;][vc_empty_space height=&#8221;88px&#8221;][vc_video link=&#8221;https:\/\/www.youtube.com\/watch?v=FKk6Hhxylwg&amp;feature=emb_logo&#8221; align=&#8221;center&#8221;][vc_column_text]<\/p>\n<h5 style=\"text-align: center;\"><a href=\"#popup-69f281e57bc33\" rel=\"prettyphoto\" class=\"popup-link\">Nous parlons toujours du Seigneur J\u00e9sus<\/a><div id=\"popup-69f281e57bc33\" class=\"popup-content\"><div class=\"popup-inner\" ><strong>\u201cNous parlons toujours du Seigneur J\u00e9sus\u201d<br \/>\n<\/strong><\/h5>\n<p>&nbsp;<\/p>\n<p>Cet hymne annonce la puissance humble de la Parole. La parole de Dieu fait chair est le Seigneur J\u00e9sus qui lib\u00e8re, guide, r\u00e9conforte, donne la vraie paix du c\u0153ur.<\/p>\n<p>L&#8217;auteur, Don Paolo Lanzoni, pr\u00eatre et musicien paulinien, s&#8217;est inspir\u00e9 du commentaire de Saint Ambroise dans Ps 37 (36), 30: &#8220;Parlons du Seigneur J\u00e9sus, parce qu&#8217;il est Sagesse, il est la Parole , c&#8217;est la Parole de Dieu\u2026 Quiconque fait \u00e9cho \u00e0 ses discours et m\u00e9dite ses paroles, les r\u00e9pand. On parle toujours de lui \u00bb.<\/p>\n<p>Le chant est joyeux, adapt\u00e9 aux c\u00e9l\u00e9brations de la Parole qui auront une attention et une importance particuli\u00e8res au cours de l&#8217;ann\u00e9e biblique. La vid\u00e9o est r\u00e9alis\u00e9e par le Ch\u0153ur de l&#8217;\u00c9glise Universitaire de San Frediano (Pise) et exprime la beaut\u00e9 de r\u00e9unir des voix, des comp\u00e9tences, la recherche du sens de la vie, dans une grande \u0153uvre: l&#8217;annonce de la Parole!<\/p>\n<p>Nous avons tous besoin de paroles vraies et authentiques qui sont \u00abparl\u00e9es \u00e0 la vie\u00bb. Ces nouvelles paroles de paix et de fraternit\u00e9 d\u00e9coulent de l&#8217;\u00e9coute de la Parole vivante qu&#8217;est le Christ J\u00e9sus, c&#8217;est la rencontre avec lui que nous voulons vivre et renouveler ensemble en cette Ann\u00e9e biblique paulinienne.<\/p>\n<p><em>\u00abQuand on parle de sagesse, c&#8217;est de J\u00e9sus dont on parle, donc quand on parle de vertu, quand on parle de justice, quand on parle de paix, quand on parle de v\u00e9rit\u00e9, de vie, de r\u00e9demption, c&#8217;est de J\u00e9sus que l&#8217;on parle\u00bb<\/em> (Saint Ambroise).<\/p>\n<h6 style=\"text-align: center;\"><\/div><\/div>\n<\/h6>\n<h6 style=\"text-align: center;\"><span style=\"color: #ffffff;\">di Paolo Lanzoni, ssp<\/span><\/h6>\n<p>&nbsp;<\/p>\n<h6 style=\"text-align: center;\"><\/h6>\n<p>[\/vc_column_text][vc_btn title=&#8221;Partition&#8221; size=&#8221;xs&#8221; align=&#8221;center&#8221; link=&#8221;url:https%3A%2F%2Fdrive.google.com%2Fdrive%2Ffolders%2F1FUz3rUTgbI3ZnY0McYsy_EwaAgvl-FAR|||&#8221;][\/vc_column][vc_column width=&#8221;1\/4&#8243;][vc_empty_space height=&#8221;88px&#8221;][vc_video link=&#8221;https:\/\/www.youtube.com\/watch?v=VTGFThlhqB0&#8243; align=&#8221;center&#8221;][vc_column_text]<\/p>\n<h5 style=\"text-align: center;\"><a href=\"#popup-69f281e57bc4e\" rel=\"prettyphoto\" class=\"popup-link\">La Parole du Seigneur coure (2Th 3,1)<\/a><div id=\"popup-69f281e57bc4e\" class=\"popup-content\"><div class=\"popup-inner\" ><strong>\u201cLa Parole du Seigneur coure (2Th3,1)\u201d<br \/>\n<\/strong><\/h5>\n<p>&nbsp;<\/p>\n<p>L&#8217;hymne reprend le th\u00e8me de l&#8217;ann\u00e9e biblique (2Ts 3,1-5), et a comme arri\u00e8re-plan le texte du nouveau commandement de Jn 13, 34-35: Par ceci chacun saura que vous \u00eates mes disciples, si vous aurez de l&#8217;amour l&#8217;un pour l&#8217;autre.<\/p>\n<p>Il commence par le verset d&#8217;exhortation adress\u00e9 aux \u00abfr\u00e8res\u00bb de la communaut\u00e9, et donc \u00e0 chacun de nous; le premier: priez; le second: s&#8217;aimer; le troisi\u00e8me: pardonnez-vous, dans un crescendo d&#8217;amour qui atteint le pardon comme pur don de l&#8217;Esprit et de la Parole qui coule et repose sur chaque c\u0153ur.<\/p>\n<p>Le refrain r\u00e9p\u00e9t\u00e9 six fois est une annonce et un t\u00e9moignage de foi et d&#8217;esp\u00e9rance dans un monde appauvri de valeurs, qui a besoin de plus de \u00abt\u00e9moins\u00bb que d &#8216;\u00abenseignants\u00bb: Vous J\u00e9sus \u00eates la Parole, la Parole du P\u00e8re. Nous croyons en vous, nous esp\u00e9rons en vous, venez et restez avec nous!<\/p>\n<p>Avec J\u00e9sus, Parole du P\u00e8re, Parole faite chair, le ciel ouvert et l&#8217;Esprit d&#8217;Amour qui veut trouver chair en nous est rest\u00e9 pour toujours, la lettre de Dieu \u00e9crite dans notre vie, comme le dit Paul: 3.3).<\/p>\n<p>Dans la c\u00e9l\u00e9bration eucharistique, il pourrait \u00eatre interpr\u00e9t\u00e9 comme un hymne d&#8217;entr\u00e9e sp\u00e9cialement pour cela: &#8220;Venez et restez avec nous&#8221; mais aussi comme un hymne de communion si l&#8217;\u00c9vangile proclam\u00e9 parle d&#8217;amour et de pardon.<\/p>\n<h6 style=\"text-align: center;\"><\/div><\/div>\n<\/h6>\n<h6 style=\"text-align: center;\"><span style=\"color: #ffffff;\">di Cecilia Stiz, pddm<\/span><\/h6>\n<p>&nbsp;<\/p>\n<h6 style=\"text-align: center;\"><\/h6>\n<p>[\/vc_column_text][vc_btn title=&#8221;Partition&#8221; size=&#8221;xs&#8221; align=&#8221;center&#8221; link=&#8221;url:https%3A%2F%2Fwww.sobicain.org%2Fwp-content%2Fuploads%2F2020%2F10%2FPregate-fratelli-perche-la-Parola-del-Signore-corra.pdf|||&#8221;][\/vc_column][vc_column width=&#8221;1\/4&#8243;][vc_empty_space height=&#8221;88px&#8221;][vc_video link=&#8221;https:\/\/www.youtube.com\/watch?v=Oz4Ksjv4bZo&amp;feature=emb_logo&#8221; align=&#8221;center&#8221;][vc_column_text]<\/p>\n<h5 style=\"text-align: center;\"><a href=\"#popup-69f281e57bc64\" rel=\"prettyphoto\" class=\"popup-link\"><strong>Pour que la Parole coure<\/strong> (2Th 3,1)<\/a><div id=\"popup-69f281e57bc64\" class=\"popup-content\"><div class=\"popup-inner\" ><strong>\u201cPour que la Parole coure\u201d (2Th 3,1)<br \/>\n<\/strong><\/h5>\n<p>&nbsp;<\/p>\n<p>L&#8217;hymne compos\u00e9 par le P. Boguslaw Zeman pour l&#8217;Ann\u00e9e Biblique de la Famille Pauline raconte une v\u00e9ritable rencontre entre deux r\u00e9alit\u00e9s vivantes &#8211; la personne et la Parole -, une rencontre construite sur le dialogue, presque un murmure, entrelac\u00e9e de d\u00e9licatesse, d&#8217;accueil et d&#8217;intimit\u00e9. La Parole r\u00e9pond \u00e0 l&#8217;approche libre de la personne, se laissant rencontrer. L&#8217;un passe la main \u00e0 l&#8217;autre et ils se r\u00e9v\u00e8lent l&#8217;un \u00e0 l&#8217;autre. La familiarit\u00e9 et la soif de connaissance mutuelle grandissent; la proph\u00e9tie est raviv\u00e9e, la passion de l&#8217;humanit\u00e9 confirm\u00e9e et la fen\u00eatre sur le monde s&#8217;ouvre.<\/p>\n<p>L&#8217;exp\u00e9rience devient le germe d&#8217;un d\u00e9sir profond: s&#8217;engager, de toutes ses forces \u00abPour que la Parole coule! Parole qui est Vie, Lumi\u00e8re, Gr\u00e2ce, Amour, Paix! \u00bb.<\/p>\n<p>Voici quelques-unes des pens\u00e9es et des sentiments qui \u00e9mergent de l&#8217;\u00e9coute de l&#8217;hymne, compos\u00e9 et interpr\u00e9t\u00e9 par le p\u00e8re Boguslaw avec la simplicit\u00e9 et la transparence des enfants.<\/p>\n<h6 style=\"text-align: center;\"><\/div><\/div>\n<\/h6>\n<h6 style=\"text-align: center;\"><span style=\"color: #ffffff;\">di Boguslaw Zeman, ssp<\/span><\/h6>\n<p>&nbsp;<\/p>\n<h6 style=\"text-align: center;\"><\/h6>\n<p>[\/vc_column_text][vc_btn title=&#8221;Partition&#8221; size=&#8221;xs&#8221; align=&#8221;center&#8221; link=&#8221;url:https%3A%2F%2Fdrive.google.com%2Fdrive%2Ffolders%2F1gMpIzVl0eDwT4MvHQYtfBXzQ6wTbgMzK|||&#8221;][\/vc_column][\/vc_row][vc_row][vc_column][vc_empty_space][vc_column_text]<\/p>\n<h2 style=\"text-align: center;\"><strong><span style=\"color: #800000;\">Dans le monde<\/span><\/strong><\/h2>\n<p>[\/vc_column_text][vc_empty_space height=&#8221;24px&#8221;][vc_masonry_grid post_type=&#8221;post&#8221; max_items=&#8221;200&#8243; style=&#8221;load-more&#8221; items_per_page=&#8221;3&#8243; item=&#8221;11657&#8243; btn_title=&#8221;Load more&#8230;&#8221; btn_color=&#8221;danger&#8221; btn_align=&#8221;center&#8221; grid_id=&#8221;vc_gid:1606810668011-3b69e294-d808-2&#8243; taxonomies=&#8221;160&#8243;][\/vc_column][\/vc_row]<\/p>\n<\/div>","protected":false},"excerpt":{"rendered":"<p>[vc_row full_width=&#8221;stretch_row&#8221; bg_type=&#8221;grad&#8221; bg_grad=&#8221;background: -webkit-gradient(linear, left top, left bottom, color-stop(0%, #FFDBDB), color-stop(38%, #FFFFFF), color-stop(80%, #FFFFFF), color-stop(100%, #F70000));background: -moz-linear-gradient(left,#FFDBDB 0%,#FFFFFF 38%,#FFFFFF 80%,#F70000 100%);background: -webkit-linear-gradient(left,#FFDBDB 0%,#FFFFFF 38%,#FFFFFF 80%,#F70000<\/p>\n","protected":false},"author":4,"featured_media":0,"parent":0,"menu_order":0,"comment_status":"closed","ping_status":"closed","template":"","meta":{"footnotes":""},"class_list":["post-11448","page","type-page","status-publish","hentry"],"_links":{"self":[{"href":"https:\/\/www.pddm.org\/fr\/wp-json\/wp\/v2\/pages\/11448","targetHints":{"allow":["GET"]}}],"collection":[{"href":"https:\/\/www.pddm.org\/fr\/wp-json\/wp\/v2\/pages"}],"about":[{"href":"https:\/\/www.pddm.org\/fr\/wp-json\/wp\/v2\/types\/page"}],"author":[{"embeddable":true,"href":"https:\/\/www.pddm.org\/fr\/wp-json\/wp\/v2\/users\/4"}],"replies":[{"embeddable":true,"href":"https:\/\/www.pddm.org\/fr\/wp-json\/wp\/v2\/comments?post=11448"}],"version-history":[{"count":0,"href":"https:\/\/www.pddm.org\/fr\/wp-json\/wp\/v2\/pages\/11448\/revisions"}],"wp:attachment":[{"href":"https:\/\/www.pddm.org\/fr\/wp-json\/wp\/v2\/media?parent=11448"}],"curies":[{"name":"wp","href":"https:\/\/api.w.org\/{rel}","templated":true}]}}